{"id":21581,"date":"2026-01-30T13:15:53","date_gmt":"2026-01-30T13:15:53","guid":{"rendered":"https:\/\/texier.ch\/sales\/troistorrents-1872-tex-vs-ra-2\/"},"modified":"2026-04-16T21:00:04","modified_gmt":"2026-04-16T21:00:04","slug":"troistorrents-1872-tex-vs-ra-2","status":"publish","type":"listing","link":"https:\/\/texier.ch\/en\/sales\/troistorrents-1872-tex-vs-ra-2\/","title":{"rendered":"Chalet typique de la vall\u00e9e d&#8217;Illiez"},"content":{"rendered":"<p>Au c\u0153ur de la Vall\u00e9e d\u2019Illiez, dans un environnement paisible et verdoyant, ce chalet individuel s\u00e9duit par son authenticit\u00e9, son cadre naturel exceptionnel et sa vue d\u00e9gag\u00e9e sur les alpes vaudoises ainsi que sur les embl\u00e9matiques Dents du Midi.<\/p>\n<p>Construit en 1854 selon l\u2019architecture traditionnelle du Val-d&#8217;Illiez, le bien a conserv\u00e9 tout le charme des chalets d\u2019\u00e9poque, avec leurs volumes et leur atmosph\u00e8re conviviale. Une r\u00e9novation partielle r\u00e9alis\u00e9e au fil des ans jusqu&#8217;en 2022 a permis d\u2019am\u00e9liorer le confort tout en respectant le caract\u00e8re d\u2019origine.<\/p>\n<p>D\u00e9veloppant environ 180 m\u00b2 habitables, le chalet propose 8,5 pi\u00e8ces r\u00e9parties de mani\u00e8re fonctionnelle, offrant de beaux espaces de vie pour une famille ou une agr\u00e9able r\u00e9sidence secondaire.<\/p>\n<p>Implant\u00e9e sur une g\u00e9n\u00e9reuse parcelle agricole de 2&#8217;143 m\u00b2, la propri\u00e9t\u00e9 garantit calme . Le large balcon de 50 m\u00b2 constitue un v\u00e9ritable prolongement de l\u2019espace de vie, id\u00e9al pour profiter du panorama et des longues soir\u00e9es en montagne.<\/p>\n<p>Un potentiel d\u2019agrandissement des volumes vient compl\u00e9ter les atouts de ce bien et permet d\u2019envisager diff\u00e9rents projets selon vos besoins.<\/p>\n<h3>Caract\u00e9ristiques<\/h3>\n<p>\u2022 Chalet individuel<br \/>\n\u2022 2 salles de bain<br \/>\n\u2022 Surface habitable d\u2019env. 180 m\u00b2<br \/>\n\u2022 Parcelle de 2&#8217;143 m\u00b2<br \/>\n\u2022 Balcon de 50 m\u00b2<br \/>\n\u2022 Volume 1351m3<br \/>\n\u2022 Construction typique de la Vall\u00e9e d\u2019Illiez<br \/>\n\u2022 1 place de parc couverte et 4 places ext\u00e9rieures<br \/>\n\u2022 Panneaux photovolta\u00efque<br \/>\n\u2022 Environnement calme et proche de la nature<br \/>\n\u2022 Vue panoramique sur les Dents du Midi et les Alpes Vaudoises<br \/>\n\u2022 Possibilit\u00e9 d\u2019agrandissement<\/p>\n<h3>Une belle opportunit\u00e9<\/h3>\n<p>Un bien authentique, id\u00e9al pour les amateurs de montagne et de tranquillit\u00e9.<\/p>\n<p>Nous nous tenons \u00e0 votre disposition pour toute information compl\u00e9mentaire ou pour organiser une visite.<\/p>\n","protected":false},"featured_media":0,"template":"","listing_type":[11],"property_type":[32],"no_of_rooms":[4],"feature":[913],"orientation":[],"locality":[371,171],"postcode":[372],"country":[10],"listing_status":[84],"ra_feature":[80],"class_list":["post-21581","listing","type-listing","status-publish","hentry","listing_type-buy","property_type-house","no_of_rooms-6-rooms","feature-viewfireplacechild-friendly","locality-troistorrents","locality-valais","postcode-372","country-ch","listing_status-available","ra_feature-published-on-ra"],"acf":[],"_links":{"self":[{"href":"https:\/\/texier.ch\/en\/wp-json\/wp\/v2\/listing\/21581","targetHints":{"allow":["GET"]}}],"collection":[{"href":"https:\/\/texier.ch\/en\/wp-json\/wp\/v2\/listing"}],"about":[{"href":"https:\/\/texier.ch\/en\/wp-json\/wp\/v2\/types\/listing"}],"wp:attachment":[{"href":"https:\/\/texier.ch\/en\/wp-json\/wp\/v2\/media?parent=21581"}],"wp:term":[{"taxonomy":"listing_type","embeddable":true,"href":"https:\/\/texier.ch\/en\/wp-json\/wp\/v2\/listing_type?post=21581"},{"taxonomy":"property_type","embeddable":true,"href":"https:\/\/texier.ch\/en\/wp-json\/wp\/v2\/property_type?post=21581"},{"taxonomy":"no_of_rooms","embeddable":true,"href":"https:\/\/texier.ch\/en\/wp-json\/wp\/v2\/no_of_rooms?post=21581"},{"taxonomy":"feature","embeddable":true,"href":"https:\/\/texier.ch\/en\/wp-json\/wp\/v2\/feature?post=21581"},{"taxonomy":"orientation","embeddable":true,"href":"https:\/\/texier.ch\/en\/wp-json\/wp\/v2\/orientation?post=21581"},{"taxonomy":"locality","embeddable":true,"href":"https:\/\/texier.ch\/en\/wp-json\/wp\/v2\/locality?post=21581"},{"taxonomy":"postcode","embeddable":true,"href":"https:\/\/texier.ch\/en\/wp-json\/wp\/v2\/postcode?post=21581"},{"taxonomy":"country","embeddable":true,"href":"https:\/\/texier.ch\/en\/wp-json\/wp\/v2\/country?post=21581"},{"taxonomy":"listing_status","embeddable":true,"href":"https:\/\/texier.ch\/en\/wp-json\/wp\/v2\/listing_status?post=21581"},{"taxonomy":"ra_feature","embeddable":true,"href":"https:\/\/texier.ch\/en\/wp-json\/wp\/v2\/ra_feature?post=21581"}],"curies":[{"name":"wp","href":"https:\/\/api.w.org\/{rel}","templated":true}]}}